{"version":"1.0","provider_name":"elobau","provider_url":"https:\/\/www.elobau.com\/de\/","author_name":"Jens Weder","author_url":"https:\/\/www.elobau.com\/de\/author\/jens-weder\/","title":"News - Ver\u00e4nderung in der Gesch\u00e4ftsf\u00fchrung bei elobau - elobau","type":"rich","width":600,"height":338,"html":"<blockquote class=\"wp-embedded-content\" data-secret=\"3H2npHe5Px\"><a href=\"https:\/\/www.elobau.com\/de\/news\/veraenderung-in-der-geschaeftsfuehrung-bei-elobau\/\">Ver\u00e4nderung in der Gesch\u00e4ftsf\u00fchrung bei elobau<\/a><\/blockquote><iframe sandbox=\"allow-scripts\" security=\"restricted\" src=\"https:\/\/www.elobau.com\/de\/news\/veraenderung-in-der-geschaeftsfuehrung-bei-elobau\/embed\/#?secret=3H2npHe5Px\" width=\"600\" height=\"338\" title=\"&#8222;Ver\u00e4nderung in der Gesch\u00e4ftsf\u00fchrung bei elobau&#8220; &#8211; elobau\" data-secret=\"3H2npHe5Px\" frameborder=\"0\" marginwidth=\"0\" marginheight=\"0\" scrolling=\"no\" class=\"wp-embedded-content\"><\/iframe><script type=\"text\/javascript\">\n\/* <![CDATA[ *\/\n\/*! This file is auto-generated *\/\n!function(d,l){\"use strict\";l.querySelector&&d.addEventListener&&\"undefined\"!=typeof URL&&(d.wp=d.wp||{},d.wp.receiveEmbedMessage||(d.wp.receiveEmbedMessage=function(e){var t=e.data;if((t||t.secret||t.message||t.value)&&!\/[^a-zA-Z0-9]\/.test(t.secret)){for(var s,r,n,a=l.querySelectorAll('iframe[data-secret=\"'+t.secret+'\"]'),o=l.querySelectorAll('blockquote[data-secret=\"'+t.secret+'\"]'),c=new RegExp(\"^https?:$\",\"i\"),i=0;i<o.length;i++)o[i].style.display=\"none\";for(i=0;i<a.length;i++)s=a[i],e.source===s.contentWindow&&(s.removeAttribute(\"style\"),\"height\"===t.message?(1e3<(r=parseInt(t.value,10))?r=1e3:~~r<200&&(r=200),s.height=r):\"link\"===t.message&&(r=new URL(s.getAttribute(\"src\")),n=new URL(t.value),c.test(n.protocol))&&n.host===r.host&&l.activeElement===s&&(d.top.location.href=t.value))}},d.addEventListener(\"message\",d.wp.receiveEmbedMessage,!1),l.addEventListener(\"DOMContentLoaded\",function(){for(var e,t,s=l.querySelectorAll(\"iframe.wp-embedded-content\"),r=0;r<s.length;r++)(t=(e=s[r]).getAttribute(\"data-secret\"))||(t=Math.random().toString(36).substring(2,12),e.src+=\"#?secret=\"+t,e.setAttribute(\"data-secret\",t)),e.contentWindow.postMessage({message:\"ready\",secret:t},\"*\")},!1)))}(window,document);\n\/\/# sourceURL=https:\/\/www.elobau.com\/wp-includes\/js\/wp-embed.min.js\n\/* ]]> *\/\n<\/script>\n","thumbnail_url":"https:\/\/www.elobau.com\/wp-content\/uploads\/2024\/08\/bild1.jpg","thumbnail_width":922,"thumbnail_height":615,"description":"Das Allg\u00e4uer Unternehmen, das am Stammsitz in Leutkirch Bedienelemente und Sensorik f\u00fcr Industrieanwendungen und mobile Arbeitsmaschinen herstellt, richtet sich in der Unternehmensf\u00fchrung neu aus. Die Gesch\u00e4ftsf\u00fchrer Bernhard Kernen und R\u00fcdiger K\u00f6hler verlassen das Unternehmen."}